{"id":1191,"date":"2018-11-23T17:22:12","date_gmt":"2018-11-23T17:22:12","guid":{"rendered":"http:\/\/samiael.com\/?post_type=event&#038;p=1191"},"modified":"2019-11-26T02:59:00","modified_gmt":"2019-11-26T02:59:00","slug":"lancement-officiel-du-magazine-luxe-edition-le-mount-stephen","status":"publish","type":"event","link":"http:\/\/samiael.com\/fr\/event\/lancement-officiel-du-magazine-luxe-edition-le-mount-stephen\/","title":{"rendered":"Lancement officiel du Magazine LUXE \u2013 \u00c9dition Le Mount Stephen"},"content":{"rendered":"<p>Un \u00e9v\u00e9nement priv\u00e9 bien r\u00e9ussi dans la magnifique Suite Royale de l\u2019h\u00f4tel Le Mount Stephen, organis\u00e9 par LUXE pour le lancement de l\u2019\u00e9dition Le Mount Stephen. En partenariat avec\u00a0Bar George,\u00a0Mo\u00ebt &amp; Chandon,\u00a0Luluthia Design et Haute Balloon.<\/p>\n","protected":false},"featured_media":1189,"template":"","class_list":["post-1191","event","type-event","status-publish","has-post-thumbnail","hentry"],"_links":{"self":[{"href":"http:\/\/samiael.com\/fr\/wp-json\/wp\/v2\/event\/1191","targetHints":{"allow":["GET"]}}],"collection":[{"href":"http:\/\/samiael.com\/fr\/wp-json\/wp\/v2\/event"}],"about":[{"href":"http:\/\/samiael.com\/fr\/wp-json\/wp\/v2\/types\/event"}],"wp:featuredmedia":[{"embeddable":true,"href":"http:\/\/samiael.com\/fr\/wp-json\/wp\/v2\/media\/1189"}],"wp:attachment":[{"href":"http:\/\/samiael.com\/fr\/wp-json\/wp\/v2\/media?parent=1191"}],"curies":[{"name":"wp","href":"https:\/\/api.w.org\/{rel}","templated":true}]}}